{"id":14022,"date":"2021-06-30T07:34:00","date_gmt":"2021-06-30T05:34:00","guid":{"rendered":"https:\/\/swissblackangus.ch\/wordpress\/?p=14022"},"modified":"2025-08-22T16:34:06","modified_gmt":"2025-08-22T14:34:06","slug":"avec-sheila-lamour-pour-angus-a-commence","status":"publish","type":"aktuelles","link":"https:\/\/swissblackangus.ch\/fr\/aktuelles\/mit-sheila-begann-die-liebe-zu-angus\/","title":{"rendered":"Avec Sheila, l'amour pour Angus a commenc\u00e9"},"content":{"rendered":"<p>\u00c0 l'\u00e2ge de sept ans, Bernhard R\u00f6thlisberger a aid\u00e9 le veau Sheila \u00e0 venir au monde. De l\u00e0 est n\u00e9 un amour pour la vie. Aujourd'hui encore, le c\u0153ur de l'agriculteur de Leimiswil est particuli\u00e8rement attach\u00e9 aux b\u0153ufs Angus.<\/p>\n\n\n\n<p>Le producteur de Swiss Black Angus a fait l'objet d'un portrait dans Migros Magazine.<\/p>\n\n\n\n<p><strong><u><a href=\"https:\/\/swissblackangus.ch\/wp-content\/uploads\/2024\/03\/26_Aare.pdf\" target=\"_blank\" rel=\"noreferrer noopener\">Voir le rapport<\/a><\/u><\/strong><\/p>","protected":false},"excerpt":{"rendered":"<p>\u00c0 l'\u00e2ge de sept ans, Bernhard R\u00f6thlisberger a aid\u00e9 le veau Sheila \u00e0 venir au monde. De l\u00e0 est n\u00e9 un amour pour la vie. Aujourd'hui encore, le c\u0153ur de l'agriculteur de Leimiswil est particuli\u00e8rement attach\u00e9 aux b\u0153ufs Angus. Le producteur de Swiss Black Angus a fait l'objet d'un portrait dans le Migros Magazine. Vers le reportage<\/p>","protected":false},"featured_media":14024,"comment_status":"open","ping_status":"open","template":"","meta":{"_acf_changed":true,"_links_to":"","_links_to_target":""},"class_list":["post-14022","aktuelles","type-aktuelles","status-publish","has-post-thumbnail","hentry"],"acf":[],"_links":{"self":[{"href":"https:\/\/swissblackangus.ch\/fr\/wp-json\/wp\/v2\/aktuelles\/14022","targetHints":{"allow":["GET"]}}],"collection":[{"href":"https:\/\/swissblackangus.ch\/fr\/wp-json\/wp\/v2\/aktuelles"}],"about":[{"href":"https:\/\/swissblackangus.ch\/fr\/wp-json\/wp\/v2\/types\/aktuelles"}],"replies":[{"embeddable":true,"href":"https:\/\/swissblackangus.ch\/fr\/wp-json\/wp\/v2\/comments?post=14022"}],"wp:featuredmedia":[{"embeddable":true,"href":"https:\/\/swissblackangus.ch\/fr\/wp-json\/wp\/v2\/media\/14024"}],"wp:attachment":[{"href":"https:\/\/swissblackangus.ch\/fr\/wp-json\/wp\/v2\/media?parent=14022"}],"curies":[{"name":"wp","href":"https:\/\/api.w.org\/{rel}","templated":true}]}}