{"id":14026,"date":"2021-02-19T07:49:00","date_gmt":"2021-02-19T06:49:00","guid":{"rendered":"https:\/\/swissblackangus.ch\/wordpress\/?p=14026"},"modified":"2025-08-22T16:34:28","modified_gmt":"2025-08-22T14:34:28","slug":"on-le-trouve-maintenant-dans-certaines-boucheries-migros-aare","status":"publish","type":"aktuelles","link":"https:\/\/swissblackangus.ch\/fr\/aktuelles\/gibts-jetzt-in-ausgewaehlten-migros-aare-metzgereien\/","title":{"rendered":"En vente dans certaines boucheries Migros Aare"},"content":{"rendered":"<p>Carr\u00e9 de porc Angus. La qualit\u00e9 avec la durabilit\u00e9. La bordure de graisse conf\u00e8re \u00e0 la viande un go\u00fbt merveilleux lors de la cuisson. Le morceau de viande le plus durable de Suisse, du fameux b\u0153uf Angus, issu de l'\u00e9levage sous la m\u00e8re, maintenant dans les comptoirs avec service des magasins Migros Shopyland, Br\u00fcgg, G\u00fcmligen, Buchs et Oberland et \u00e9galement dans les magasins Migros Aare en libre-service.<\/p>","protected":false},"excerpt":{"rendered":"<p>Carr\u00e9 de porc Angus. La qualit\u00e9 avec la durabilit\u00e9. La bordure de graisse conf\u00e8re \u00e0 la viande un go\u00fbt merveilleux lors de la cuisson. Le morceau de viande le plus durable de Suisse, du fameux b\u0153uf Angus, issu de l'\u00e9levage sous la m\u00e8re, maintenant dans les comptoirs avec service des magasins Migros Shopyland, Br\u00fcgg, G\u00fcmligen, Buchs et Oberland et \u00e9galement dans les magasins Migros Aare en libre-service.<\/p>","protected":false},"featured_media":14027,"comment_status":"open","ping_status":"open","template":"","meta":{"_acf_changed":true,"_links_to":"","_links_to_target":""},"class_list":["post-14026","aktuelles","type-aktuelles","status-publish","has-post-thumbnail","hentry"],"acf":[],"_links":{"self":[{"href":"https:\/\/swissblackangus.ch\/fr\/wp-json\/wp\/v2\/aktuelles\/14026","targetHints":{"allow":["GET"]}}],"collection":[{"href":"https:\/\/swissblackangus.ch\/fr\/wp-json\/wp\/v2\/aktuelles"}],"about":[{"href":"https:\/\/swissblackangus.ch\/fr\/wp-json\/wp\/v2\/types\/aktuelles"}],"replies":[{"embeddable":true,"href":"https:\/\/swissblackangus.ch\/fr\/wp-json\/wp\/v2\/comments?post=14026"}],"wp:featuredmedia":[{"embeddable":true,"href":"https:\/\/swissblackangus.ch\/fr\/wp-json\/wp\/v2\/media\/14027"}],"wp:attachment":[{"href":"https:\/\/swissblackangus.ch\/fr\/wp-json\/wp\/v2\/media?parent=14026"}],"curies":[{"name":"wp","href":"https:\/\/api.w.org\/{rel}","templated":true}]}}