{"id":15769,"date":"2025-11-06T15:15:32","date_gmt":"2025-11-06T14:15:32","guid":{"rendered":"https:\/\/swissblackangus.ch\/?post_type=aktuelles&#038;p=15769"},"modified":"2025-11-06T15:42:00","modified_gmt":"2025-11-06T14:42:00","slug":"chaque-animal-compte","status":"publish","type":"aktuelles","link":"https:\/\/swissblackangus.ch\/fr\/aktuelles\/jedes-tier-zaehlt\/","title":{"rendered":"Chaque animal compte"},"content":{"rendered":"<p>Swiss Black Angus appartient \u00e0 Hinwil. Ceux qui ach\u00e8tent des remontes les r\u00e9int\u00e8grent dans le programme. Ceux qui ont des animaux pr\u00eats \u00e0 l'abattage les apportent \u00e0 Hinwil via la commercialisation. C\u2019est la seule fa\u00e7on de r\u00e9pondre aux besoins croissants de Migros et Denner, car plus de produits sur les rayons signifie aussi plus de responsabilit\u00e9s. \u00c0 une \u00e9poque o\u00f9 il y avait trop d'animaux sur le march\u00e9, Lucarna Macana a repris tous les Swiss Black Angus aux prix du label, sans d\u00e9pr\u00e9ciation dans le AQ-Viande. Cette confiance m\u00e9rite de la fiabilit\u00e9. Il s'agit maintenant d'agir ensemble. Chaque livraison compte pour que les rayons restent remplis et que l'expansion avec de nouvelles succursales r\u00e9ussisse. Ceux qui \u00e9l\u00e8vent des animaux garantissent des prix \u00e9quitables, des achats stables et une position forte sur le march\u00e9. Ensemble, nous posons les<br>bases d'un avenir durable.<\/p>\n\n\n\n<p><\/p>","protected":false},"excerpt":{"rendered":"<p>Swiss Black Angus geh\u00f6rt nach Hinwil. Wer Remonten kauft, liefert sie zur\u00fcck ins Programm. Wer schlachtreife Tiere hat, bringt sie \u00fcber die Vermarktung nach Hinwil. Nur so lassen sich die wachsenden Bed\u00fcrfnisse von Migros und Denner decken, denn mehr Regale bedeuten auch mehr Verantwortung. Gerade in Zeiten, in denen es zu viele Tiere am Markt [&hellip;]<\/p>\n","protected":false},"featured_media":0,"comment_status":"open","ping_status":"closed","template":"","meta":{"_acf_changed":true,"_links_to":"","_links_to_target":""},"class_list":["post-15769","aktuelles","type-aktuelles","status-publish","hentry"],"acf":[],"_links":{"self":[{"href":"https:\/\/swissblackangus.ch\/fr\/wp-json\/wp\/v2\/aktuelles\/15769","targetHints":{"allow":["GET"]}}],"collection":[{"href":"https:\/\/swissblackangus.ch\/fr\/wp-json\/wp\/v2\/aktuelles"}],"about":[{"href":"https:\/\/swissblackangus.ch\/fr\/wp-json\/wp\/v2\/types\/aktuelles"}],"replies":[{"embeddable":true,"href":"https:\/\/swissblackangus.ch\/fr\/wp-json\/wp\/v2\/comments?post=15769"}],"wp:attachment":[{"href":"https:\/\/swissblackangus.ch\/fr\/wp-json\/wp\/v2\/media?parent=15769"}],"curies":[{"name":"wp","href":"https:\/\/api.w.org\/{rel}","templated":true}]}}