{"id":14022,"date":"2021-06-30T07:34:00","date_gmt":"2021-06-30T05:34:00","guid":{"rendered":"https:\/\/swissblackangus.ch\/wordpress\/?p=14022"},"modified":"2025-08-22T16:34:06","modified_gmt":"2025-08-22T14:34:06","slug":"lamore-per-angus-e-iniziato-con-sheila","status":"publish","type":"aktuelles","link":"https:\/\/swissblackangus.ch\/it\/aktuelles\/mit-sheila-begann-die-liebe-zu-angus\/","title":{"rendered":"L'amore per Angus \u00e8 iniziato con Sheila"},"content":{"rendered":"<p>All'et\u00e0 di sette anni, Bernhard R\u00f6thlisberger aiut\u00f2 Sheila a mettere al mondo un vitello. Ne scatur\u00ec un amore per la vita. Ancora oggi, l'agricoltore di Leimiswil \u00e8 particolarmente appassionato di bovini Angus.<\/p>\n\n\n\n<p>Il produttore svizzero di Black Angus \u00e8 stato presentato nella rivista Migros.<\/p>\n\n\n\n<p><strong><u><a href=\"https:\/\/swissblackangus.ch\/wp-content\/uploads\/2024\/03\/26_Aare.pdf\" target=\"_blank\" rel=\"noreferrer noopener\">Al rapporto<\/a><\/u><\/strong><\/p>","protected":false},"excerpt":{"rendered":"<p>All'et\u00e0 di sette anni, Bernhard R\u00f6thlisberger aiut\u00f2 Sheila a mettere al mondo un vitello. Ne scatur\u00ec un amore per la vita. Ancora oggi, l'agricoltore di Leimiswil \u00e8 particolarmente appassionato di bovini Angus. Il produttore svizzero di Black Angus \u00e8 stato presentato nella rivista Migros. Al rapporto<\/p>","protected":false},"featured_media":14024,"comment_status":"open","ping_status":"open","template":"","meta":{"_acf_changed":true,"_links_to":"","_links_to_target":""},"class_list":["post-14022","aktuelles","type-aktuelles","status-publish","has-post-thumbnail","hentry"],"acf":[],"_links":{"self":[{"href":"https:\/\/swissblackangus.ch\/it\/wp-json\/wp\/v2\/aktuelles\/14022","targetHints":{"allow":["GET"]}}],"collection":[{"href":"https:\/\/swissblackangus.ch\/it\/wp-json\/wp\/v2\/aktuelles"}],"about":[{"href":"https:\/\/swissblackangus.ch\/it\/wp-json\/wp\/v2\/types\/aktuelles"}],"replies":[{"embeddable":true,"href":"https:\/\/swissblackangus.ch\/it\/wp-json\/wp\/v2\/comments?post=14022"}],"wp:featuredmedia":[{"embeddable":true,"href":"https:\/\/swissblackangus.ch\/it\/wp-json\/wp\/v2\/media\/14024"}],"wp:attachment":[{"href":"https:\/\/swissblackangus.ch\/it\/wp-json\/wp\/v2\/media?parent=14022"}],"curies":[{"name":"wp","href":"https:\/\/api.w.org\/{rel}","templated":true}]}}