{"id":13108,"date":"2024-03-12T08:52:33","date_gmt":"2024-03-12T07:52:33","guid":{"rendered":"https:\/\/swissblackangus.ch\/wordpress\/?page_id=13108"},"modified":"2025-08-29T13:55:48","modified_gmt":"2025-08-29T11:55:48","slug":"biodiversita","status":"publish","type":"page","link":"https:\/\/swissblackangus.ch\/it\/biodiversitaet\/","title":{"rendered":"Allodole e prati"},"content":{"rendered":"<div data-elementor-type=\"wp-page\" data-elementor-id=\"13108\" class=\"elementor elementor-13108\" data-elementor-post-type=\"page\">\n\t\t\t\t<div class=\"elementor-element elementor-element-513d575 e-con-full gradient-overlay e-flex e-con e-parent\" data-id=\"513d575\" data-element_type=\"container\" data-e-type=\"container\" data-settings=\"{&quot;background_background&quot;:&quot;video&quot;,&quot;background_video_link&quot;:&quot;https:\\\/\\\/swissblackangus.ch\\\/wp-content\\\/uploads\\\/2024\\\/03\\\/EMMER_Compound_Trailer_YT-HD.mp4&quot;,&quot;background_play_on_mobile&quot;:&quot;yes&quot;}\">\n\t\t<div class=\"elementor-background-video-container\">\n\t\t\t\t\t\t\t<video class=\"elementor-background-video-hosted\" role=\"presentation\" autoplay muted playsinline loop><\/video>\n\t\t\t\t\t<\/div><div class=\"elementor-element elementor-element-e066adf e-con-full e-flex e-con e-child\" data-id=\"e066adf\" data-element_type=\"container\" data-e-type=\"container\" data-settings=\"{&quot;position&quot;:&quot;absolute&quot;}\">\n\t\t\t\t<div data-dce-title-color=\"#FFFFFF\" class=\"elementor-element elementor-element-9b4d746 elementor-widget elementor-widget-heading\" data-id=\"9b4d746\" data-element_type=\"widget\" data-e-type=\"widget\" data-widget_type=\"heading.default\">\n\t\t\t\t<div class=\"elementor-widget-container\">\n\t\t\t\t\t<h1 class=\"elementor-heading-title elementor-size-default translation-block\">\u00abCHI CONSUMA CARNE<br>\nSWISS BLACK ANGUS,<br>\nCREA UNA NICCHIA ECOLOGICA.\u00bb<\/h1>\t\t\t\t<\/div>\n\t\t\t\t<\/div>\n\t\t\t\t<div class=\"elementor-element elementor-element-0fca38e elementor-widget-divider--view-line elementor-widget elementor-widget-divider\" data-id=\"0fca38e\" data-element_type=\"widget\" data-e-type=\"widget\" data-widget_type=\"divider.default\">\n\t\t\t\t<div class=\"elementor-widget-container\">\n\t\t\t\t\t\t\t<div class=\"elementor-divider\">\n\t\t\t<span class=\"elementor-divider-separator\">\n\t\t\t\t\t\t<\/span>\n\t\t<\/div>\n\t\t\t\t\t\t<\/div>\n\t\t\t\t<\/div>\n\t\t\t\t<div class=\"elementor-element elementor-element-1447e70 elementor-widget elementor-widget-text-editor\" data-id=\"1447e70\" data-element_type=\"widget\" data-e-type=\"widget\" data-widget_type=\"text-editor.default\">\n\t\t\t\t<div class=\"elementor-widget-container\">\n\t\t\t\t\t\t\t\t\t<h3>Niklaus Hofer<\/h3><p>\u00a0Biodiversit\u00e0 IP SUISSE<\/p>\t\t\t\t\t\t\t\t<\/div>\n\t\t\t\t<\/div>\n\t\t\t\t<\/div>\n\t\t\t\t<\/div>\n\t\t<div class=\"elementor-element elementor-element-24b2ba91 e-flex e-con-boxed e-con e-parent\" data-id=\"24b2ba91\" data-element_type=\"container\" data-e-type=\"container\" data-settings=\"{&quot;background_background&quot;:&quot;classic&quot;}\">\n\t\t\t\t\t<div class=\"e-con-inner\">\n\t\t<div class=\"elementor-element elementor-element-1e3d01da e-con-full animated-slow e-flex elementor-invisible e-con e-child\" data-id=\"1e3d01da\" data-element_type=\"container\" data-e-type=\"container\" data-settings=\"{&quot;animation&quot;:&quot;fadeIn&quot;,&quot;animation_delay&quot;:0.5}\">\n\t\t\t\t<div class=\"elementor-element elementor-element-72bd5a73 elementor-widget elementor-widget-image\" data-id=\"72bd5a73\" data-element_type=\"widget\" data-e-type=\"widget\" data-widget_type=\"image.default\">\n\t\t\t\t<div class=\"elementor-widget-container\">\n\t\t\t\t\t\t\t\t\t\t\t\t\t\t\t<img fetchpriority=\"high\" decoding=\"async\" width=\"364\" height=\"364\" src=\"https:\/\/swissblackangus.ch\/wp-content\/uploads\/2024\/03\/09.png\" class=\"attachment-large size-large wp-image-12289\" alt=\"Fiore Iocn\" srcset=\"https:\/\/swissblackangus.ch\/wp-content\/uploads\/2024\/03\/09.png 364w, https:\/\/swissblackangus.ch\/wp-content\/uploads\/2024\/03\/09-300x300.png 300w, https:\/\/swissblackangus.ch\/wp-content\/uploads\/2024\/03\/09-150x150.png 150w\" sizes=\"(max-width: 364px) 100vw, 364px\" \/>\t\t\t\t\t\t\t\t\t\t\t\t\t\t\t<\/div>\n\t\t\t\t<\/div>\n\t\t\t\t<div data-dce-title-color=\"#FFFFFF\" class=\"elementor-element elementor-element-18f7a33 elementor-widget elementor-widget-heading\" data-id=\"18f7a33\" data-element_type=\"widget\" data-e-type=\"widget\" data-widget_type=\"heading.default\">\n\t\t\t\t<div class=\"elementor-widget-container\">\n\t\t\t\t\t<h2 class=\"elementor-heading-title elementor-size-default\">La Biodiversit\u00e0 e comfort animale di IP-SUISSE non si ferma davanti alla porta della stalla.<\/h2>\t\t\t\t<\/div>\n\t\t\t\t<\/div>\n\t\t\t\t<div class=\"elementor-element elementor-element-697cc558 elementor-widget-divider--view-line elementor-widget elementor-widget-global elementor-global-12215 elementor-widget-divider\" data-id=\"697cc558\" data-element_type=\"widget\" data-e-type=\"widget\" data-widget_type=\"divider.default\">\n\t\t\t\t<div class=\"elementor-widget-container\">\n\t\t\t\t\t\t\t<div class=\"elementor-divider\">\n\t\t\t<span class=\"elementor-divider-separator\">\n\t\t\t\t\t\t<\/span>\n\t\t<\/div>\n\t\t\t\t\t\t<\/div>\n\t\t\t\t<\/div>\n\t\t\t\t<div class=\"elementor-element elementor-element-674dc6a justify elementor-widget elementor-widget-text-editor\" data-id=\"674dc6a\" data-element_type=\"widget\" data-e-type=\"widget\" data-widget_type=\"text-editor.default\">\n\t\t\t\t<div class=\"elementor-widget-container\">\n\t\t\t\t\t\t\t\t\tGli agricoltori che detengono animali Swiss Black Angus nel rispetto degli standard IP-SUISSE, si adoperano per una produzione in armonia con la natura a tutto tondo. Orientano la loro azienda sulla biodiversit\u00e0, creano consapevolmente habitat per specie autoctone del mondo vegetale e animale, favoriscono la diversit\u00e0 delle specie e promuovono la sinergia tra essere umano e ambiente. Il loro impegno viene valutato e accertato per mezzo di uno scrupoloso sistema a punti istituito da IP-SUISSE. Le misure intraprese mostrano risultati; le allodole nidificano di nuovo nei campi di cereali, perch\u00e9 in essi crescono i fiori selvatici. Nelle siepi di alberi e arbusti trovano riparo piccoli animali e insetti.\t\t\t\t\t\t\t\t<\/div>\n\t\t\t\t<\/div>\n\t\t\t\t<\/div>\n\t\t\t\t\t<\/div>\n\t\t\t\t<\/div>\n\t\t<div class=\"elementor-element elementor-element-52b57d5e e-con-full e-flex e-con e-parent\" data-id=\"52b57d5e\" data-element_type=\"container\" data-e-type=\"container\" data-settings=\"{&quot;background_background&quot;:&quot;classic&quot;}\">\n\t\t\t\t<div class=\"elementor-element elementor-element-3fcfbd95 elementor-widget elementor-widget-image\" data-id=\"3fcfbd95\" data-element_type=\"widget\" data-e-type=\"widget\" data-widget_type=\"image.default\">\n\t\t\t\t<div class=\"elementor-widget-container\">\n\t\t\t\t\t\t\t\t\t\t\t\t\t\t\t<img decoding=\"async\" width=\"800\" height=\"534\" src=\"https:\/\/swissblackangus.ch\/wp-content\/uploads\/2024\/03\/lerchen-wiesen-1-1024x683.webp\" class=\"attachment-large size-large wp-image-13119\" alt=\"prato fiorito\" srcset=\"https:\/\/swissblackangus.ch\/wp-content\/uploads\/2024\/03\/lerchen-wiesen-1-1024x683.webp 1024w, https:\/\/swissblackangus.ch\/wp-content\/uploads\/2024\/03\/lerchen-wiesen-1-300x200.webp 300w, https:\/\/swissblackangus.ch\/wp-content\/uploads\/2024\/03\/lerchen-wiesen-1-768x512.webp 768w, https:\/\/swissblackangus.ch\/wp-content\/uploads\/2024\/03\/lerchen-wiesen-1-1536x1024.webp 1536w, https:\/\/swissblackangus.ch\/wp-content\/uploads\/2024\/03\/lerchen-wiesen-1.webp 1800w\" sizes=\"(max-width: 800px) 100vw, 800px\" \/>\t\t\t\t\t\t\t\t\t\t\t\t\t\t\t<\/div>\n\t\t\t\t<\/div>\n\t\t\t\t<\/div>\n\t\t<div class=\"elementor-element elementor-element-48d4d3cc e-flex e-con-boxed e-con e-parent\" data-id=\"48d4d3cc\" data-element_type=\"container\" data-e-type=\"container\" data-settings=\"{&quot;background_background&quot;:&quot;classic&quot;}\">\n\t\t\t\t\t<div class=\"e-con-inner\">\n\t\t<div class=\"elementor-element elementor-element-3b0ebca9 e-con-full animated-slow e-flex elementor-invisible e-con e-child\" data-id=\"3b0ebca9\" data-element_type=\"container\" data-e-type=\"container\" data-settings=\"{&quot;animation&quot;:&quot;fadeIn&quot;,&quot;animation_delay&quot;:0.5}\">\n\t\t\t\t<div class=\"elementor-element elementor-element-5ce89897 elementor-widget elementor-widget-image\" data-id=\"5ce89897\" data-element_type=\"widget\" data-e-type=\"widget\" data-widget_type=\"image.default\">\n\t\t\t\t<div class=\"elementor-widget-container\">\n\t\t\t\t\t\t\t\t\t\t\t\t\t\t\t<img decoding=\"async\" width=\"364\" height=\"364\" src=\"https:\/\/swissblackangus.ch\/wp-content\/uploads\/2024\/03\/10.png\" class=\"attachment-large size-large wp-image-12290\" alt=\"Campo icona\" srcset=\"https:\/\/swissblackangus.ch\/wp-content\/uploads\/2024\/03\/10.png 364w, https:\/\/swissblackangus.ch\/wp-content\/uploads\/2024\/03\/10-300x300.png 300w, https:\/\/swissblackangus.ch\/wp-content\/uploads\/2024\/03\/10-150x150.png 150w\" sizes=\"(max-width: 364px) 100vw, 364px\" \/>\t\t\t\t\t\t\t\t\t\t\t\t\t\t\t<\/div>\n\t\t\t\t<\/div>\n\t\t\t\t<div data-dce-title-color=\"#FFFFFF\" class=\"elementor-element elementor-element-7af4677b elementor-widget elementor-widget-heading\" data-id=\"7af4677b\" data-element_type=\"widget\" data-e-type=\"widget\" data-widget_type=\"heading.default\">\n\t\t\t\t<div class=\"elementor-widget-container\">\n\t\t\t\t\t<h2 class=\"elementor-heading-title elementor-size-default translation-block\">L\u2019erba di prato \u2013<br>\nuna delle risorse naturali pi\u00f9\npreziose della Svizzera<\/h2>\t\t\t\t<\/div>\n\t\t\t\t<\/div>\n\t\t\t\t<div class=\"elementor-element elementor-element-26e3130a elementor-widget-divider--view-line elementor-widget elementor-widget-global elementor-global-12215 elementor-widget-divider\" data-id=\"26e3130a\" data-element_type=\"widget\" data-e-type=\"widget\" data-widget_type=\"divider.default\">\n\t\t\t\t<div class=\"elementor-widget-container\">\n\t\t\t\t\t\t\t<div class=\"elementor-divider\">\n\t\t\t<span class=\"elementor-divider-separator\">\n\t\t\t\t\t\t<\/span>\n\t\t<\/div>\n\t\t\t\t\t\t<\/div>\n\t\t\t\t<\/div>\n\t\t\t\t<div class=\"elementor-element elementor-element-b49d326 justify elementor-widget elementor-widget-text-editor\" data-id=\"b49d326\" data-element_type=\"widget\" data-e-type=\"widget\" data-widget_type=\"text-editor.default\">\n\t\t\t\t<div class=\"elementor-widget-container\">\n\t\t\t\t\t\t\t\t\tNon c\u2019\u00e8 da stupirsi che le Angus si sono perfettamente ambientate ai prati e pascoli svizzeri, come scozzesi d\u2019origine sono del tutto adatte ai nostri paesaggi. Il loro apparato digerente valorizza l\u2019erba e il fieno trasformandoli in carne di qualit\u00e0, come difficilmente altre razze sono in grado.\n\n\nI bovini Angus non necessitano di mangimi acquistati per essere resi forti. Le grandi vie commerciali di mangimi non servono. La dieta di questi animali non si pone in concorrenza con l\u2019alimentazione umana per nessun tipo di alimento, poich\u00e9 in Svizzera su tre quarti della superficie agricola produttiva non cresce nient\u2019altro che erba.\nQueste sono le ragioni per le quali il foraggiamento basato sulle superfici inerbite rende l\u2019allevamento di vacche nutrici Angus un tipo produzione estremamente sostenibile\t\t\t\t\t\t\t\t<\/div>\n\t\t\t\t<\/div>\n\t\t\t\t<\/div>\n\t\t\t\t\t<\/div>\n\t\t\t\t<\/div>\n\t\t<div class=\"elementor-element elementor-element-157206e e-con-full e-flex e-con e-parent\" data-id=\"157206e\" data-element_type=\"container\" data-e-type=\"container\" data-settings=\"{&quot;background_background&quot;:&quot;classic&quot;}\">\n\t\t\t\t<div class=\"elementor-element elementor-element-aa69563 elementor-widget elementor-widget-video\" data-id=\"aa69563\" data-element_type=\"widget\" data-e-type=\"widget\" data-settings=\"{&quot;video_type&quot;:&quot;hosted&quot;,&quot;autoplay&quot;:&quot;yes&quot;,&quot;play_on_mobile&quot;:&quot;yes&quot;,&quot;mute&quot;:&quot;yes&quot;,&quot;loop&quot;:&quot;yes&quot;}\" data-widget_type=\"video.default\">\n\t\t\t\t<div class=\"elementor-widget-container\">\n\t\t\t\t\t\t\t<div class=\"e-hosted-video elementor-wrapper elementor-open-inline\">\n\t\t\t\t\t<video class=\"elementor-video\" src=\"https:\/\/swissblackangus.ch\/wp-content\/uploads\/2024\/03\/kuh-grassend.mp4\" autoplay=\"\" loop=\"\" muted=\"muted\" playsinline=\"\" controlslist=\"nodownload\" poster=\"https:\/\/swissblackangus.ch\/wp-content\/uploads\/2024\/06\/kuh-grassend_fallback.webp\"><\/video>\n\t\t\t\t<\/div>\n\t\t\t\t\t\t<\/div>\n\t\t\t\t<\/div>\n\t\t\t\t<\/div>\n\t\t<div class=\"elementor-element elementor-element-0db88d8 e-flex e-con-boxed e-con e-parent\" data-id=\"0db88d8\" data-element_type=\"container\" data-e-type=\"container\" data-settings=\"{&quot;background_background&quot;:&quot;classic&quot;}\">\n\t\t\t\t\t<div class=\"e-con-inner\">\n\t\t<div class=\"elementor-element elementor-element-1ad7984 e-con-full animated-slow e-flex elementor-invisible e-con e-child\" data-id=\"1ad7984\" data-element_type=\"container\" data-e-type=\"container\" data-settings=\"{&quot;animation&quot;:&quot;fadeIn&quot;,&quot;animation_delay&quot;:0.5}\">\n\t\t\t\t<div class=\"elementor-element elementor-element-0c3d163 elementor-widget elementor-widget-image\" data-id=\"0c3d163\" data-element_type=\"widget\" data-e-type=\"widget\" data-widget_type=\"image.default\">\n\t\t\t\t<div class=\"elementor-widget-container\">\n\t\t\t\t\t\t\t\t\t\t\t\t\t\t\t<img loading=\"lazy\" decoding=\"async\" width=\"363\" height=\"364\" src=\"https:\/\/swissblackangus.ch\/wp-content\/uploads\/2024\/03\/11.png\" class=\"attachment-large size-large wp-image-12287\" alt=\"Icona foglie\" srcset=\"https:\/\/swissblackangus.ch\/wp-content\/uploads\/2024\/03\/11.png 363w, https:\/\/swissblackangus.ch\/wp-content\/uploads\/2024\/03\/11-300x300.png 300w, https:\/\/swissblackangus.ch\/wp-content\/uploads\/2024\/03\/11-150x150.png 150w\" sizes=\"(max-width: 363px) 100vw, 363px\" \/>\t\t\t\t\t\t\t\t\t\t\t\t\t\t\t<\/div>\n\t\t\t\t<\/div>\n\t\t\t\t<div data-dce-title-color=\"#FFFFFF\" class=\"elementor-element elementor-element-bf8f7f5 elementor-widget elementor-widget-heading\" data-id=\"bf8f7f5\" data-element_type=\"widget\" data-e-type=\"widget\" data-widget_type=\"heading.default\">\n\t\t\t\t<div class=\"elementor-widget-container\">\n\t\t\t\t\t<h2 class=\"elementor-heading-title elementor-size-default translation-block\">Preservazione del clima \u2013<br>\nnon \u00e8 la vacca il problema,\nma cosa mangia!<\/h2>\t\t\t\t<\/div>\n\t\t\t\t<\/div>\n\t\t\t\t<div class=\"elementor-element elementor-element-561609c elementor-widget-divider--view-line elementor-widget elementor-widget-global elementor-global-12215 elementor-widget-divider\" data-id=\"561609c\" data-element_type=\"widget\" data-e-type=\"widget\" data-widget_type=\"divider.default\">\n\t\t\t\t<div class=\"elementor-widget-container\">\n\t\t\t\t\t\t\t<div class=\"elementor-divider\">\n\t\t\t<span class=\"elementor-divider-separator\">\n\t\t\t\t\t\t<\/span>\n\t\t<\/div>\n\t\t\t\t\t\t<\/div>\n\t\t\t\t<\/div>\n\t\t\t\t<div class=\"elementor-element elementor-element-c0b6505 justify elementor-widget elementor-widget-text-editor\" data-id=\"c0b6505\" data-element_type=\"widget\" data-e-type=\"widget\" data-widget_type=\"text-editor.default\">\n\t\t\t\t<div class=\"elementor-widget-container\">\n\t\t\t\t\t\t\t\t\tChi indica i bovini d\u2019allevamento come responsabili dei cambiamenti climatici, intende in realt\u00e0 il loro foraggiamento intensivo. Solamente un sistema agricolo che costringe il bestiame a una crescita sempre pi\u00f9 rapida richiede foraggi concentrati e altri mangimi. la loro produzione ha conseguenze distruttive: la deforestazione, la scomparse delle foreste pluviale, il trasporto in tutto il mondo, l\u2019uso di pesticidi, la soppressione delle piccole aziende agricole. Tutto ci\u00f2 non \u00e8 per forza necessario. Allevati in maniera naturale, i ruminanti producono da soli carne e latte a partire da erba, fieno e leguminose. Inoltre, attraverso un sistema di pascolo sostenibile viene sollecitata la crescita delle piante e favorita la formazione di superfici inerbite fitte, permettendo di fissare considerevoli quantit\u00e0 di CO2 nel terreno.\t\t\t\t\t\t\t\t<\/div>\n\t\t\t\t<\/div>\n\t\t\t\t<\/div>\n\t\t\t\t\t<\/div>\n\t\t\t\t<\/div>\n\t\t<div class=\"elementor-element elementor-element-73837fe8 e-con-full e-flex e-con e-parent\" data-id=\"73837fe8\" data-element_type=\"container\" data-e-type=\"container\" data-settings=\"{&quot;background_background&quot;:&quot;classic&quot;}\">\n\t\t\t\t<div class=\"elementor-element elementor-element-2c31cf27 elementor-widget elementor-widget-image\" data-id=\"2c31cf27\" data-element_type=\"widget\" data-e-type=\"widget\" data-widget_type=\"image.default\">\n\t\t\t\t<div class=\"elementor-widget-container\">\n\t\t\t\t\t\t\t\t\t\t\t\t\t\t\t<img loading=\"lazy\" decoding=\"async\" width=\"800\" height=\"557\" src=\"https:\/\/swissblackangus.ch\/wp-content\/uploads\/2024\/03\/lerchen-wiesen-e1710652843955-1024x713.webp\" class=\"attachment-large size-large wp-image-13126\" alt=\"Prato delle allodole\" srcset=\"https:\/\/swissblackangus.ch\/wp-content\/uploads\/2024\/03\/lerchen-wiesen-e1710652843955-1024x713.webp 1024w, https:\/\/swissblackangus.ch\/wp-content\/uploads\/2024\/03\/lerchen-wiesen-e1710652843955-300x209.webp 300w, https:\/\/swissblackangus.ch\/wp-content\/uploads\/2024\/03\/lerchen-wiesen-e1710652843955-768x535.webp 768w, https:\/\/swissblackangus.ch\/wp-content\/uploads\/2024\/03\/lerchen-wiesen-e1710652843955-1536x1070.webp 1536w, https:\/\/swissblackangus.ch\/wp-content\/uploads\/2024\/03\/lerchen-wiesen-e1710652843955-18x12.webp 18w, https:\/\/swissblackangus.ch\/wp-content\/uploads\/2024\/03\/lerchen-wiesen-e1710652843955.webp 1800w\" sizes=\"(max-width: 800px) 100vw, 800px\" \/>\t\t\t\t\t\t\t\t\t\t\t\t\t\t\t<\/div>\n\t\t\t\t<\/div>\n\t\t\t\t<\/div>\n\t\t\t\t<\/div>","protected":false},"excerpt":{"rendered":"<p>BIOVERSIT\u00c4T IN DER SCHWEIZ. \u00abWER EIN BEEF VON SWISS BLACK ANGUS KAUFT, SCHAFFT OEKOLOGISCHE NISCHEN.\u00bb Niklaus Hofer \u00a0Biodiversit\u00e4t IP SUISSE Biodiversit\u00e4t \u2013 Tierwohl von IP-SUISSE h\u00f6rt nicht vor der Stallt\u00fcre auf Landwirte, die Swiss Black Angus gem\u00e4ss den Standards von IP-SUISSE halten, setzen sich umfassend f\u00fcr eine naturnahe Produktion ein. Sie stellen ihren ganzen Hof [&hellip;]<\/p>\n","protected":false},"author":1,"featured_media":13110,"parent":0,"menu_order":4,"comment_status":"closed","ping_status":"closed","template":"elementor_header_footer","meta":{"_acf_changed":false,"footnotes":"","_links_to":"","_links_to_target":""},"class_list":["post-13108","page","type-page","status-publish","has-post-thumbnail","hentry"],"acf":[],"_links":{"self":[{"href":"https:\/\/swissblackangus.ch\/it\/wp-json\/wp\/v2\/pages\/13108","targetHints":{"allow":["GET"]}}],"collection":[{"href":"https:\/\/swissblackangus.ch\/it\/wp-json\/wp\/v2\/pages"}],"about":[{"href":"https:\/\/swissblackangus.ch\/it\/wp-json\/wp\/v2\/types\/page"}],"author":[{"embeddable":true,"href":"https:\/\/swissblackangus.ch\/it\/wp-json\/wp\/v2\/users\/1"}],"replies":[{"embeddable":true,"href":"https:\/\/swissblackangus.ch\/it\/wp-json\/wp\/v2\/comments?post=13108"}],"version-history":[{"count":190,"href":"https:\/\/swissblackangus.ch\/it\/wp-json\/wp\/v2\/pages\/13108\/revisions"}],"predecessor-version":[{"id":15739,"href":"https:\/\/swissblackangus.ch\/it\/wp-json\/wp\/v2\/pages\/13108\/revisions\/15739"}],"wp:featuredmedia":[{"embeddable":true,"href":"https:\/\/swissblackangus.ch\/it\/wp-json\/wp\/v2\/media\/13110"}],"wp:attachment":[{"href":"https:\/\/swissblackangus.ch\/it\/wp-json\/wp\/v2\/media?parent=13108"}],"curies":[{"name":"wp","href":"https:\/\/api.w.org\/{rel}","templated":true}]}}