{"id":13130,"date":"2024-03-12T09:24:16","date_gmt":"2024-03-12T08:24:16","guid":{"rendered":"https:\/\/swissblackangus.ch\/wordpress\/?page_id=13130"},"modified":"2025-08-29T13:45:02","modified_gmt":"2025-08-29T11:45:02","slug":"angus-nero","status":"publish","type":"page","link":"https:\/\/swissblackangus.ch\/it\/black-angus\/","title":{"rendered":"Terra e Signori"},"content":{"rendered":"<div data-elementor-type=\"wp-page\" data-elementor-id=\"13130\" class=\"elementor elementor-13130\" data-elementor-post-type=\"page\">\n\t\t\t\t<div class=\"elementor-element elementor-element-9558981 e-con-full e-flex e-con e-parent\" data-id=\"9558981\" data-element_type=\"container\" data-e-type=\"container\" data-settings=\"{&quot;background_background&quot;:&quot;classic&quot;}\">\n\t\t\t\t<div class=\"elementor-element elementor-element-357dbd35 elementor-widget elementor-widget-image\" data-id=\"357dbd35\" data-element_type=\"widget\" data-e-type=\"widget\" data-widget_type=\"image.default\">\n\t\t\t\t<div class=\"elementor-widget-container\">\n\t\t\t\t\t\t\t\t\t\t\t\t\t\t\t<img fetchpriority=\"high\" decoding=\"async\" width=\"800\" height=\"516\" src=\"https:\/\/swissblackangus.ch\/wp-content\/uploads\/2024\/03\/landlords_01-1024x660.webp\" class=\"attachment-large size-large wp-image-13131\" alt=\"Origine Black Angus\" srcset=\"https:\/\/swissblackangus.ch\/wp-content\/uploads\/2024\/03\/landlords_01-1024x660.webp 1024w, https:\/\/swissblackangus.ch\/wp-content\/uploads\/2024\/03\/landlords_01-300x194.webp 300w, https:\/\/swissblackangus.ch\/wp-content\/uploads\/2024\/03\/landlords_01-768x495.webp 768w, https:\/\/swissblackangus.ch\/wp-content\/uploads\/2024\/03\/landlords_01-1536x991.webp 1536w, https:\/\/swissblackangus.ch\/wp-content\/uploads\/2024\/03\/landlords_01.webp 1800w\" sizes=\"(max-width: 800px) 100vw, 800px\" \/>\t\t\t\t\t\t\t\t\t\t\t\t\t\t\t<\/div>\n\t\t\t\t<\/div>\n\t\t<div class=\"elementor-element elementor-element-beef7a6 e-con-full e-flex e-con e-child\" data-id=\"beef7a6\" data-element_type=\"container\" data-e-type=\"container\" data-settings=\"{&quot;position&quot;:&quot;absolute&quot;}\">\n\t\t\t\t<div data-dce-title-color=\"#FFFFFF\" class=\"elementor-element elementor-element-38b632e0 elementor-widget elementor-widget-heading\" data-id=\"38b632e0\" data-element_type=\"widget\" data-e-type=\"widget\" data-widget_type=\"heading.default\">\n\t\t\t\t<div class=\"elementor-widget-container\">\n\t\t\t\t\t<h1 class=\"elementor-heading-title elementor-size-default translation-block\">LA STORIA DI UNA RAZZA\nLEGGENDARIA<\/h1>\t\t\t\t<\/div>\n\t\t\t\t<\/div>\n\t\t\t\t<div class=\"elementor-element elementor-element-a9ec962 elementor-widget-divider--view-line elementor-widget elementor-widget-divider\" data-id=\"a9ec962\" data-element_type=\"widget\" data-e-type=\"widget\" data-widget_type=\"divider.default\">\n\t\t\t\t<div class=\"elementor-widget-container\">\n\t\t\t\t\t\t\t<div class=\"elementor-divider\">\n\t\t\t<span class=\"elementor-divider-separator\">\n\t\t\t\t\t\t<\/span>\n\t\t<\/div>\n\t\t\t\t\t\t<\/div>\n\t\t\t\t<\/div>\n\t\t\t\t<\/div>\n\t\t\t\t<\/div>\n\t\t<div class=\"elementor-element elementor-element-2fac7151 e-flex e-con-boxed e-con e-parent\" data-id=\"2fac7151\" data-element_type=\"container\" data-e-type=\"container\" data-settings=\"{&quot;background_background&quot;:&quot;classic&quot;}\">\n\t\t\t\t\t<div class=\"e-con-inner\">\n\t\t<div class=\"elementor-element elementor-element-44a5aa7e e-con-full animated-slow e-flex elementor-invisible e-con e-child\" data-id=\"44a5aa7e\" data-element_type=\"container\" data-e-type=\"container\" data-settings=\"{&quot;animation&quot;:&quot;fadeIn&quot;,&quot;animation_delay&quot;:0.5}\">\n\t\t\t\t<div class=\"elementor-element elementor-element-60c18990 elementor-widget elementor-widget-image\" data-id=\"60c18990\" data-element_type=\"widget\" data-e-type=\"widget\" data-widget_type=\"image.default\">\n\t\t\t\t<div class=\"elementor-widget-container\">\n\t\t\t\t\t\t\t\t\t\t\t\t\t\t\t<img decoding=\"async\" width=\"363\" height=\"363\" src=\"https:\/\/swissblackangus.ch\/wp-content\/uploads\/2024\/03\/01.png\" class=\"attachment-large size-large wp-image-12277\" alt=\"Icona corona della vittoria\" srcset=\"https:\/\/swissblackangus.ch\/wp-content\/uploads\/2024\/03\/01.png 363w, https:\/\/swissblackangus.ch\/wp-content\/uploads\/2024\/03\/01-300x300.png 300w, https:\/\/swissblackangus.ch\/wp-content\/uploads\/2024\/03\/01-150x150.png 150w\" sizes=\"(max-width: 363px) 100vw, 363px\" \/>\t\t\t\t\t\t\t\t\t\t\t\t\t\t\t<\/div>\n\t\t\t\t<\/div>\n\t\t\t\t<div data-dce-title-color=\"#FFFFFF\" class=\"elementor-element elementor-element-efb6178 elementor-widget elementor-widget-heading\" data-id=\"efb6178\" data-element_type=\"widget\" data-e-type=\"widget\" data-widget_type=\"heading.default\">\n\t\t\t\t<div class=\"elementor-widget-container\">\n\t\t\t\t\t<h2 class=\"elementor-heading-title elementor-size-default translation-block\">Black Angus \u2013<br>\nVecchie regole di nobilt\u00e0<\/h2>\t\t\t\t<\/div>\n\t\t\t\t<\/div>\n\t\t\t\t<div class=\"elementor-element elementor-element-4e006d04 elementor-widget-divider--view-line elementor-widget elementor-widget-global elementor-global-12215 elementor-widget-divider\" data-id=\"4e006d04\" data-element_type=\"widget\" data-e-type=\"widget\" data-widget_type=\"divider.default\">\n\t\t\t\t<div class=\"elementor-widget-container\">\n\t\t\t\t\t\t\t<div class=\"elementor-divider\">\n\t\t\t<span class=\"elementor-divider-separator\">\n\t\t\t\t\t\t<\/span>\n\t\t<\/div>\n\t\t\t\t\t\t<\/div>\n\t\t\t\t<\/div>\n\t\t\t\t<div class=\"elementor-element elementor-element-44b4e6c1 justify elementor-widget elementor-widget-text-editor\" data-id=\"44b4e6c1\" data-element_type=\"widget\" data-e-type=\"widget\" data-widget_type=\"text-editor.default\">\n\t\t\t\t<div class=\"elementor-widget-container\">\n\t\t\t\t\t\t\t\t\t<p>Pi\u00f9 di 200 anni fa, dalle nebbie scozzesi comparvero le Aberdeen Angus. Una razza di bovini fiera, con un manto nero lucente e priva di corna per natura, ma in breve tempo campionessa indiscussa. I bovini Angus erano gi\u00e0 allora conosciuti per la forte crescita, l\u2019estrema robustezza e la favolosa marmorizzazione della loro carne. La storia di questa razza bovina \u00e8 ampiamente documentata e nei dipinti del XVII secolo gli antenati delle Black Angus ci guardano dall\u2019alto in basso.<\/p>\t\t\t\t\t\t\t\t<\/div>\n\t\t\t\t<\/div>\n\t\t\t\t<\/div>\n\t\t\t\t\t<\/div>\n\t\t\t\t<\/div>\n\t\t<div class=\"elementor-element elementor-element-e36c100 e-con-full e-flex e-con e-parent\" data-id=\"e36c100\" data-element_type=\"container\" data-e-type=\"container\" data-settings=\"{&quot;background_background&quot;:&quot;classic&quot;}\">\n\t\t\t\t<div class=\"elementor-element elementor-element-644f8c35 elementor-widget elementor-widget-image\" data-id=\"644f8c35\" data-element_type=\"widget\" data-e-type=\"widget\" data-widget_type=\"image.default\">\n\t\t\t\t<div class=\"elementor-widget-container\">\n\t\t\t\t\t\t\t\t\t\t\t\t\t\t\t<img decoding=\"async\" width=\"800\" height=\"336\" src=\"https:\/\/swissblackangus.ch\/wp-content\/uploads\/2024\/06\/Geschichte_Gemaelde1-1024x430.webp\" class=\"attachment-large size-large wp-image-14439\" alt=\"dipinto storico Black Angus\" srcset=\"https:\/\/swissblackangus.ch\/wp-content\/uploads\/2024\/06\/Geschichte_Gemaelde1-1024x430.webp 1024w, https:\/\/swissblackangus.ch\/wp-content\/uploads\/2024\/06\/Geschichte_Gemaelde1-300x126.webp 300w, https:\/\/swissblackangus.ch\/wp-content\/uploads\/2024\/06\/Geschichte_Gemaelde1-768x323.webp 768w, https:\/\/swissblackangus.ch\/wp-content\/uploads\/2024\/06\/Geschichte_Gemaelde1-18x8.webp 18w, https:\/\/swissblackangus.ch\/wp-content\/uploads\/2024\/06\/Geschichte_Gemaelde1.webp 1500w\" sizes=\"(max-width: 800px) 100vw, 800px\" \/>\t\t\t\t\t\t\t\t\t\t\t\t\t\t\t<\/div>\n\t\t\t\t<\/div>\n\t\t\t\t<\/div>\n\t\t<div class=\"elementor-element elementor-element-a9491cb e-flex e-con-boxed e-con e-parent\" data-id=\"a9491cb\" data-element_type=\"container\" data-e-type=\"container\" data-settings=\"{&quot;background_background&quot;:&quot;classic&quot;}\">\n\t\t\t\t\t<div class=\"e-con-inner\">\n\t\t\t\t<div class=\"elementor-element elementor-element-fbb565b elementor-widget elementor-widget-gallery\" data-id=\"fbb565b\" data-element_type=\"widget\" data-e-type=\"widget\" data-settings=\"{&quot;columns&quot;:3,&quot;gap&quot;:{&quot;unit&quot;:&quot;px&quot;,&quot;size&quot;:45,&quot;sizes&quot;:[]},&quot;lazyload&quot;:&quot;yes&quot;,&quot;gallery_layout&quot;:&quot;grid&quot;,&quot;columns_tablet&quot;:2,&quot;columns_mobile&quot;:1,&quot;gap_laptop&quot;:{&quot;unit&quot;:&quot;px&quot;,&quot;size&quot;:10,&quot;sizes&quot;:[]},&quot;gap_tablet&quot;:{&quot;unit&quot;:&quot;px&quot;,&quot;size&quot;:10,&quot;sizes&quot;:[]},&quot;gap_mobile&quot;:{&quot;unit&quot;:&quot;px&quot;,&quot;size&quot;:10,&quot;sizes&quot;:[]},&quot;link_to&quot;:&quot;file&quot;,&quot;aspect_ratio&quot;:&quot;3:2&quot;,&quot;overlay_background&quot;:&quot;yes&quot;,&quot;content_hover_animation&quot;:&quot;fade-in&quot;}\" data-widget_type=\"gallery.default\">\n\t\t\t\t<div class=\"elementor-widget-container\">\n\t\t\t\t\t\t\t<div class=\"elementor-gallery__container\">\n\t\t\t\t\t\t\t<a class=\"e-gallery-item elementor-gallery-item elementor-animated-content\" href=\"https:\/\/swissblackangus.ch\/wp-content\/uploads\/2024\/03\/Geschichte_Gemaelde2-768x544.jpg.webp\" data-elementor-open-lightbox=\"yes\" data-elementor-lightbox-slideshow=\"fbb565b\" data-elementor-lightbox-title=\"Geschichte_Gemaelde2-768x544.jpg\" data-e-action-hash=\"#elementor-action%3Aaction%3Dlightbox%26settings%3DeyJpZCI6MTMxNDIsInVybCI6Imh0dHBzOlwvXC9zd2lzc2JsYWNrYW5ndXMuY2hcL3dwLWNvbnRlbnRcL3VwbG9hZHNcLzIwMjRcLzAzXC9HZXNjaGljaHRlX0dlbWFlbGRlMi03Njh4NTQ0LmpwZy53ZWJwIiwic2xpZGVzaG93IjoiZmJiNTY1YiJ9\">\n\t\t\t\t\t<div class=\"e-gallery-image elementor-gallery-item__image\" data-thumbnail=\"https:\/\/swissblackangus.ch\/wp-content\/uploads\/2024\/03\/Geschichte_Gemaelde2-768x544.jpg.webp\" data-width=\"768\" data-height=\"544\" aria-label=\"Dipingere l&#039;Angus nero\" role=\"img\" ><\/div>\n\t\t\t\t\t\t\t\t\t\t\t<div class=\"elementor-gallery-item__overlay\"><\/div>\n\t\t\t\t\t\t\t\t\t\t\t\t\t\t<\/a>\n\t\t\t\t\t\t\t<a class=\"e-gallery-item elementor-gallery-item elementor-animated-content\" href=\"https:\/\/swissblackangus.ch\/wp-content\/uploads\/2024\/06\/Geschichte_Gemaelde4.webp\" data-elementor-open-lightbox=\"yes\" data-elementor-lightbox-slideshow=\"fbb565b\" data-elementor-lightbox-title=\"Geschichte_Gemaelde4\" data-e-action-hash=\"#elementor-action%3Aaction%3Dlightbox%26settings%3DeyJpZCI6MTQ0NjAsInVybCI6Imh0dHBzOlwvXC9zd2lzc2JsYWNrYW5ndXMuY2hcL3dwLWNvbnRlbnRcL3VwbG9hZHNcLzIwMjRcLzA2XC9HZXNjaGljaHRlX0dlbWFlbGRlNC53ZWJwIiwic2xpZGVzaG93IjoiZmJiNTY1YiJ9\">\n\t\t\t\t\t<div class=\"e-gallery-image elementor-gallery-item__image\" data-thumbnail=\"https:\/\/swissblackangus.ch\/wp-content\/uploads\/2024\/06\/Geschichte_Gemaelde4.webp\" data-width=\"779\" data-height=\"650\" aria-label=\"Quadro ostorico - Angus nero nella stalla\" role=\"img\" ><\/div>\n\t\t\t\t\t\t\t\t\t\t\t<div class=\"elementor-gallery-item__overlay\"><\/div>\n\t\t\t\t\t\t\t\t\t\t\t\t\t\t<\/a>\n\t\t\t\t\t\t\t<a class=\"e-gallery-item elementor-gallery-item elementor-animated-content\" href=\"https:\/\/swissblackangus.ch\/wp-content\/uploads\/2024\/03\/Geschichte_Gemaelde5.jpg.webp\" data-elementor-open-lightbox=\"yes\" data-elementor-lightbox-slideshow=\"fbb565b\" data-elementor-lightbox-title=\"Geschichte_Gemaelde5.jpg\" data-e-action-hash=\"#elementor-action%3Aaction%3Dlightbox%26settings%3DeyJpZCI6MTMxNDYsInVybCI6Imh0dHBzOlwvXC9zd2lzc2JsYWNrYW5ndXMuY2hcL3dwLWNvbnRlbnRcL3VwbG9hZHNcLzIwMjRcLzAzXC9HZXNjaGljaHRlX0dlbWFlbGRlNS5qcGcud2VicCIsInNsaWRlc2hvdyI6ImZiYjU2NWIifQ%3D%3D\">\n\t\t\t\t\t<div class=\"e-gallery-image elementor-gallery-item__image\" data-thumbnail=\"https:\/\/swissblackangus.ch\/wp-content\/uploads\/2024\/03\/Geschichte_Gemaelde5.jpg.webp\" data-width=\"1628\" data-height=\"1266\" aria-label=\"Dipingere l&#039;Angus nero\" role=\"img\" ><\/div>\n\t\t\t\t\t\t\t\t\t\t\t<div class=\"elementor-gallery-item__overlay\"><\/div>\n\t\t\t\t\t\t\t\t\t\t\t\t\t\t<\/a>\n\t\t\t\t\t\t\t<a class=\"e-gallery-item elementor-gallery-item elementor-animated-content\" href=\"https:\/\/swissblackangus.ch\/wp-content\/uploads\/2024\/03\/Geschichte_Gemaelde3-705x539.jpg.webp\" data-elementor-open-lightbox=\"yes\" data-elementor-lightbox-slideshow=\"fbb565b\" data-elementor-lightbox-title=\"Geschichte_Gemaelde3-705x539.jpg\" data-e-action-hash=\"#elementor-action%3Aaction%3Dlightbox%26settings%3DeyJpZCI6MTMxNDMsInVybCI6Imh0dHBzOlwvXC9zd2lzc2JsYWNrYW5ndXMuY2hcL3dwLWNvbnRlbnRcL3VwbG9hZHNcLzIwMjRcLzAzXC9HZXNjaGljaHRlX0dlbWFlbGRlMy03MDV4NTM5LmpwZy53ZWJwIiwic2xpZGVzaG93IjoiZmJiNTY1YiJ9\">\n\t\t\t\t\t<div class=\"e-gallery-image elementor-gallery-item__image\" data-thumbnail=\"https:\/\/swissblackangus.ch\/wp-content\/uploads\/2024\/03\/Geschichte_Gemaelde3-705x539.jpg.webp\" data-width=\"705\" data-height=\"539\" aria-label=\"Dipingere l&#039;Angus nero\" role=\"img\" ><\/div>\n\t\t\t\t\t\t\t\t\t\t\t<div class=\"elementor-gallery-item__overlay\"><\/div>\n\t\t\t\t\t\t\t\t\t\t\t\t\t\t<\/a>\n\t\t\t\t\t\t\t<a class=\"e-gallery-item elementor-gallery-item elementor-animated-content\" href=\"https:\/\/swissblackangus.ch\/wp-content\/uploads\/2024\/03\/2004-limited-edition-1-1030x813-1.webp\" data-elementor-open-lightbox=\"yes\" data-elementor-lightbox-slideshow=\"fbb565b\" data-elementor-lightbox-title=\"2004-limited-edition-1-1030x813\" data-e-action-hash=\"#elementor-action%3Aaction%3Dlightbox%26settings%3DeyJpZCI6MTMxNTIsInVybCI6Imh0dHBzOlwvXC9zd2lzc2JsYWNrYW5ndXMuY2hcL3dwLWNvbnRlbnRcL3VwbG9hZHNcLzIwMjRcLzAzXC8yMDA0LWxpbWl0ZWQtZWRpdGlvbi0xLTEwMzB4ODEzLTEud2VicCIsInNsaWRlc2hvdyI6ImZiYjU2NWIifQ%3D%3D\">\n\t\t\t\t\t<div class=\"e-gallery-image elementor-gallery-item__image\" data-thumbnail=\"https:\/\/swissblackangus.ch\/wp-content\/uploads\/2024\/03\/2004-limited-edition-1-1030x813-1.webp\" data-width=\"1030\" data-height=\"813\" aria-label=\"Dipingere l&#039;Angus nero\" role=\"img\" ><\/div>\n\t\t\t\t\t\t\t\t\t\t\t<div class=\"elementor-gallery-item__overlay\"><\/div>\n\t\t\t\t\t\t\t\t\t\t\t\t\t\t<\/a>\n\t\t\t\t\t\t\t<a class=\"e-gallery-item elementor-gallery-item elementor-animated-content\" href=\"https:\/\/swissblackangus.ch\/wp-content\/uploads\/2024\/03\/altes-foto_01.webp\" data-elementor-open-lightbox=\"yes\" data-elementor-lightbox-slideshow=\"fbb565b\" data-elementor-lightbox-title=\"altes-foto_01\" data-e-action-hash=\"#elementor-action%3Aaction%3Dlightbox%26settings%3DeyJpZCI6MTMxNTEsInVybCI6Imh0dHBzOlwvXC9zd2lzc2JsYWNrYW5ndXMuY2hcL3dwLWNvbnRlbnRcL3VwbG9hZHNcLzIwMjRcLzAzXC9hbHRlcy1mb3RvXzAxLndlYnAiLCJzbGlkZXNob3ciOiJmYmI1NjViIn0%3D\">\n\t\t\t\t\t<div class=\"e-gallery-image elementor-gallery-item__image\" data-thumbnail=\"https:\/\/swissblackangus.ch\/wp-content\/uploads\/2024\/03\/altes-foto_01.webp\" data-width=\"1500\" data-height=\"987\" aria-label=\"Dipingere l&#039;Angus nero\" role=\"img\" ><\/div>\n\t\t\t\t\t\t\t\t\t\t\t<div class=\"elementor-gallery-item__overlay\"><\/div>\n\t\t\t\t\t\t\t\t\t\t\t\t\t\t<\/a>\n\t\t\t\t\t<\/div>\n\t\t\t\t\t<\/div>\n\t\t\t\t<\/div>\n\t\t\t\t\t<\/div>\n\t\t\t\t<\/div>\n\t\t<div class=\"elementor-element elementor-element-25bf7938 e-flex e-con-boxed e-con e-parent\" data-id=\"25bf7938\" data-element_type=\"container\" data-e-type=\"container\" data-settings=\"{&quot;background_background&quot;:&quot;classic&quot;}\">\n\t\t\t\t\t<div class=\"e-con-inner\">\n\t\t<div class=\"elementor-element elementor-element-34c6e560 e-con-full animated-slow e-flex elementor-invisible e-con e-child\" data-id=\"34c6e560\" data-element_type=\"container\" data-e-type=\"container\" data-settings=\"{&quot;animation&quot;:&quot;fadeIn&quot;,&quot;animation_delay&quot;:0.5}\">\n\t\t\t\t<div class=\"elementor-element elementor-element-41b4c9a6 elementor-widget elementor-widget-image\" data-id=\"41b4c9a6\" data-element_type=\"widget\" data-e-type=\"widget\" data-widget_type=\"image.default\">\n\t\t\t\t<div class=\"elementor-widget-container\">\n\t\t\t\t\t\t\t\t\t\t\t\t\t\t\t<img loading=\"lazy\" decoding=\"async\" width=\"364\" height=\"367\" src=\"https:\/\/swissblackangus.ch\/wp-content\/uploads\/2024\/03\/02.png\" class=\"attachment-large size-large wp-image-12278\" alt=\"Icona corona\" srcset=\"https:\/\/swissblackangus.ch\/wp-content\/uploads\/2024\/03\/02.png 364w, https:\/\/swissblackangus.ch\/wp-content\/uploads\/2024\/03\/02-298x300.png 298w, https:\/\/swissblackangus.ch\/wp-content\/uploads\/2024\/03\/02-150x150.png 150w\" sizes=\"(max-width: 364px) 100vw, 364px\" \/>\t\t\t\t\t\t\t\t\t\t\t\t\t\t\t<\/div>\n\t\t\t\t<\/div>\n\t\t\t\t<div data-dce-title-color=\"#FFFFFF\" class=\"elementor-element elementor-element-6bf8d39e elementor-widget elementor-widget-heading\" data-id=\"6bf8d39e\" data-element_type=\"widget\" data-e-type=\"widget\" data-widget_type=\"heading.default\">\n\t\t\t\t<div class=\"elementor-widget-container\">\n\t\t\t\t\t<h2 class=\"elementor-heading-title elementor-size-default\">Il manzo dei re<\/h2>\t\t\t\t<\/div>\n\t\t\t\t<\/div>\n\t\t\t\t<div class=\"elementor-element elementor-element-257d7b75 elementor-widget-divider--view-line elementor-widget elementor-widget-global elementor-global-12215 elementor-widget-divider\" data-id=\"257d7b75\" data-element_type=\"widget\" data-e-type=\"widget\" data-widget_type=\"divider.default\">\n\t\t\t\t<div class=\"elementor-widget-container\">\n\t\t\t\t\t\t\t<div class=\"elementor-divider\">\n\t\t\t<span class=\"elementor-divider-separator\">\n\t\t\t\t\t\t<\/span>\n\t\t<\/div>\n\t\t\t\t\t\t<\/div>\n\t\t\t\t<\/div>\n\t\t\t\t<div class=\"elementor-element elementor-element-359bcae4 justify elementor-widget elementor-widget-text-editor\" data-id=\"359bcae4\" data-element_type=\"widget\" data-e-type=\"widget\" data-widget_type=\"text-editor.default\">\n\t\t\t\t<div class=\"elementor-widget-container\">\n\t\t\t\t\t\t\t\t\tLa linea Black Angus \u00e8 stata da sempre legata a una questione di gusto, ma anche di prestigio e tradizione. I nobili reali del tempo hanno insistito sulla qualit\u00e0 della carne aumentandone la reputazione con i migliori esemplari di bovini Angus. Ancora oggi questi nobili animali occupano le terre appartenenti alla regina Elisabetta e il Principe Carlo. Anche alcune star di Hollywood allevano delle mandrie di Angus, come ad esempio Nicole Kidman e Russel Crowe (il gladiatore).\t\t\t\t\t\t\t\t<\/div>\n\t\t\t\t<\/div>\n\t\t\t\t<\/div>\n\t\t\t\t\t<\/div>\n\t\t\t\t<\/div>\n\t\t<div class=\"elementor-element elementor-element-ed936e1 e-flex e-con-boxed e-con e-parent\" data-id=\"ed936e1\" data-element_type=\"container\" data-e-type=\"container\" data-settings=\"{&quot;background_background&quot;:&quot;classic&quot;}\">\n\t\t\t\t\t<div class=\"e-con-inner\">\n\t\t<div class=\"elementor-element elementor-element-53a8c1d e-con-full animated-slow e-flex elementor-invisible e-con e-child\" data-id=\"53a8c1d\" data-element_type=\"container\" data-e-type=\"container\" data-settings=\"{&quot;animation&quot;:&quot;fadeIn&quot;,&quot;animation_delay&quot;:0.5}\">\n\t\t\t\t<div class=\"elementor-element elementor-element-a7569c3 elementor-widget elementor-widget-image\" data-id=\"a7569c3\" data-element_type=\"widget\" data-e-type=\"widget\" data-widget_type=\"image.default\">\n\t\t\t\t<div class=\"elementor-widget-container\">\n\t\t\t\t\t\t\t\t\t\t\t\t\t\t\t<img loading=\"lazy\" decoding=\"async\" width=\"364\" height=\"367\" src=\"https:\/\/swissblackangus.ch\/wp-content\/uploads\/2024\/03\/02.png\" class=\"attachment-large size-large wp-image-12278\" alt=\"Icona corona\" srcset=\"https:\/\/swissblackangus.ch\/wp-content\/uploads\/2024\/03\/02.png 364w, https:\/\/swissblackangus.ch\/wp-content\/uploads\/2024\/03\/02-298x300.png 298w, https:\/\/swissblackangus.ch\/wp-content\/uploads\/2024\/03\/02-150x150.png 150w\" sizes=\"(max-width: 364px) 100vw, 364px\" \/>\t\t\t\t\t\t\t\t\t\t\t\t\t\t\t<\/div>\n\t\t\t\t<\/div>\n\t\t\t\t<div data-dce-title-color=\"#FFFFFF\" class=\"elementor-element elementor-element-30f03f8 elementor-widget elementor-widget-heading\" data-id=\"30f03f8\" data-element_type=\"widget\" data-e-type=\"widget\" data-widget_type=\"heading.default\">\n\t\t\t\t<div class=\"elementor-widget-container\">\n\t\t\t\t\t<h2 class=\"elementor-heading-title elementor-size-default translation-block\">Un tempo leggendaria,\noggi famosa nel mondo<\/h2>\t\t\t\t<\/div>\n\t\t\t\t<\/div>\n\t\t\t\t<div class=\"elementor-element elementor-element-8ba8c23 elementor-widget-divider--view-line elementor-widget elementor-widget-global elementor-global-12215 elementor-widget-divider\" data-id=\"8ba8c23\" data-element_type=\"widget\" data-e-type=\"widget\" data-widget_type=\"divider.default\">\n\t\t\t\t<div class=\"elementor-widget-container\">\n\t\t\t\t\t\t\t<div class=\"elementor-divider\">\n\t\t\t<span class=\"elementor-divider-separator\">\n\t\t\t\t\t\t<\/span>\n\t\t<\/div>\n\t\t\t\t\t\t<\/div>\n\t\t\t\t<\/div>\n\t\t\t\t<div class=\"elementor-element elementor-element-60fcc5b justify elementor-widget elementor-widget-text-editor\" data-id=\"60fcc5b\" data-element_type=\"widget\" data-e-type=\"widget\" data-widget_type=\"text-editor.default\">\n\t\t\t\t<div class=\"elementor-widget-container\">\n\t\t\t\t\t\t\t\t\t<p>Nel 1845 ha inizio la marcia trionfale dei bovini Black Angus nel mondo. Questa razza bovina sbarca in America. Una terra che appariva senza confini. Pascoli a perdita d\u2019occhio, da un orizzonte all\u2019altro. I robusti bovini provenienti dall\u2019inghilterra diventano presto gli occupanti prediletti dei Ranch e le bistecche dei cow-boy acquistano un gusto inimitabile. Da qui via, il bestiame di razza Angus conquista i principali paesi allevatori di bovini da carne e diventa simbolo della carne di qualit\u00e0.<\/p>\t\t\t\t\t\t\t\t<\/div>\n\t\t\t\t<\/div>\n\t\t\t\t<\/div>\n\t\t\t\t\t<\/div>\n\t\t\t\t<\/div>\n\t\t<div class=\"elementor-element elementor-element-601a962 e-con-full e-flex e-con e-parent\" data-id=\"601a962\" data-element_type=\"container\" data-e-type=\"container\" data-settings=\"{&quot;background_background&quot;:&quot;classic&quot;}\">\n\t\t\t\t<div class=\"elementor-element elementor-element-751e1ddf elementor-widget elementor-widget-image\" data-id=\"751e1ddf\" data-element_type=\"widget\" data-e-type=\"widget\" data-widget_type=\"image.default\">\n\t\t\t\t<div class=\"elementor-widget-container\">\n\t\t\t\t\t\t\t\t\t\t\t\t\t\t\t<img decoding=\"async\" src=\"https:\/\/swissblackangus.ch\/wp-content\/uploads\/2024\/06\/altes-foto_02.webp\" title=\"\" alt=\"\" loading=\"lazy\" \/>\t\t\t\t\t\t\t\t\t\t\t\t\t\t\t<\/div>\n\t\t\t\t<\/div>\n\t\t\t\t<\/div>\n\t\t<div class=\"elementor-element elementor-element-5bea158 e-flex e-con-boxed e-con e-parent\" data-id=\"5bea158\" data-element_type=\"container\" data-e-type=\"container\" data-settings=\"{&quot;background_background&quot;:&quot;classic&quot;}\">\n\t\t\t\t\t<div class=\"e-con-inner\">\n\t\t\t\t<div class=\"elementor-element elementor-element-d5be92e elementor-widget elementor-widget-gallery\" data-id=\"d5be92e\" data-element_type=\"widget\" data-e-type=\"widget\" data-settings=\"{&quot;columns&quot;:3,&quot;gap&quot;:{&quot;unit&quot;:&quot;px&quot;,&quot;size&quot;:45,&quot;sizes&quot;:[]},&quot;lazyload&quot;:&quot;yes&quot;,&quot;gallery_layout&quot;:&quot;grid&quot;,&quot;columns_tablet&quot;:2,&quot;columns_mobile&quot;:1,&quot;gap_laptop&quot;:{&quot;unit&quot;:&quot;px&quot;,&quot;size&quot;:10,&quot;sizes&quot;:[]},&quot;gap_tablet&quot;:{&quot;unit&quot;:&quot;px&quot;,&quot;size&quot;:10,&quot;sizes&quot;:[]},&quot;gap_mobile&quot;:{&quot;unit&quot;:&quot;px&quot;,&quot;size&quot;:10,&quot;sizes&quot;:[]},&quot;link_to&quot;:&quot;file&quot;,&quot;aspect_ratio&quot;:&quot;3:2&quot;,&quot;overlay_background&quot;:&quot;yes&quot;,&quot;content_hover_animation&quot;:&quot;fade-in&quot;}\" data-widget_type=\"gallery.default\">\n\t\t\t\t<div class=\"elementor-widget-container\">\n\t\t\t\t\t\t\t<div class=\"elementor-gallery__container\">\n\t\t\t\t\t\t\t<a class=\"e-gallery-item elementor-gallery-item elementor-animated-content\" href=\"https:\/\/swissblackangus.ch\/wp-content\/uploads\/2024\/06\/altes-foto_02.webp\" data-elementor-open-lightbox=\"yes\" data-elementor-lightbox-slideshow=\"d5be92e\" data-elementor-lightbox-title=\"altes-foto_02\" data-e-action-hash=\"#elementor-action%3Aaction%3Dlightbox%26settings%3DeyJpZCI6MTQ0NjgsInVybCI6Imh0dHBzOlwvXC9zd2lzc2JsYWNrYW5ndXMuY2hcL3dwLWNvbnRlbnRcL3VwbG9hZHNcLzIwMjRcLzA2XC9hbHRlcy1mb3RvXzAyLndlYnAiLCJzbGlkZXNob3ciOiJkNWJlOTJlIn0%3D\">\n\t\t\t\t\t<div class=\"e-gallery-image elementor-gallery-item__image\" data-thumbnail=\"https:\/\/swissblackangus.ch\/wp-content\/uploads\/2024\/06\/altes-foto_02.webp\" data-width=\"1500\" data-height=\"960\" aria-label=\"quadro storico, mostra del bestiame\" role=\"img\" ><\/div>\n\t\t\t\t\t\t\t\t\t\t\t<div class=\"elementor-gallery-item__overlay\"><\/div>\n\t\t\t\t\t\t\t\t\t\t\t\t\t\t<\/a>\n\t\t\t\t\t\t\t<a class=\"e-gallery-item elementor-gallery-item elementor-animated-content\" href=\"https:\/\/swissblackangus.ch\/wp-content\/uploads\/2024\/03\/altes-foto_03-1500x1200.jpg.webp\" data-elementor-open-lightbox=\"yes\" data-elementor-lightbox-slideshow=\"d5be92e\" data-elementor-lightbox-title=\"altes-foto_03-1500x1200.jpg\" data-e-action-hash=\"#elementor-action%3Aaction%3Dlightbox%26settings%3DeyJpZCI6MTMxNjUsInVybCI6Imh0dHBzOlwvXC9zd2lzc2JsYWNrYW5ndXMuY2hcL3dwLWNvbnRlbnRcL3VwbG9hZHNcLzIwMjRcLzAzXC9hbHRlcy1mb3RvXzAzLTE1MDB4MTIwMC5qcGcud2VicCIsInNsaWRlc2hvdyI6ImQ1YmU5MmUifQ%3D%3D\">\n\t\t\t\t\t<div class=\"e-gallery-image elementor-gallery-item__image\" data-thumbnail=\"https:\/\/swissblackangus.ch\/wp-content\/uploads\/2024\/03\/altes-foto_03-1500x1200.jpg.webp\" data-width=\"1500\" data-height=\"1200\" aria-label=\"Foto d&#039;archivio Black Angus\" role=\"img\" ><\/div>\n\t\t\t\t\t\t\t\t\t\t\t<div class=\"elementor-gallery-item__overlay\"><\/div>\n\t\t\t\t\t\t\t\t\t\t\t\t\t\t<\/a>\n\t\t\t\t\t\t\t<a class=\"e-gallery-item elementor-gallery-item elementor-animated-content\" href=\"https:\/\/swissblackangus.ch\/wp-content\/uploads\/2024\/03\/landlords_01.webp\" data-elementor-open-lightbox=\"yes\" data-elementor-lightbox-slideshow=\"d5be92e\" data-elementor-lightbox-title=\"landlords_01\" data-e-action-hash=\"#elementor-action%3Aaction%3Dlightbox%26settings%3DeyJpZCI6MTMxMzEsInVybCI6Imh0dHBzOlwvXC9zd2lzc2JsYWNrYW5ndXMuY2hcL3dwLWNvbnRlbnRcL3VwbG9hZHNcLzIwMjRcLzAzXC9sYW5kbG9yZHNfMDEud2VicCIsInNsaWRlc2hvdyI6ImQ1YmU5MmUifQ%3D%3D\">\n\t\t\t\t\t<div class=\"e-gallery-image elementor-gallery-item__image\" data-thumbnail=\"https:\/\/swissblackangus.ch\/wp-content\/uploads\/2024\/03\/landlords_01.webp\" data-width=\"1800\" data-height=\"1161\" aria-label=\"Origine Black Angus\" role=\"img\" ><\/div>\n\t\t\t\t\t\t\t\t\t\t\t<div class=\"elementor-gallery-item__overlay\"><\/div>\n\t\t\t\t\t\t\t\t\t\t\t\t\t\t<\/a>\n\t\t\t\t\t\t\t<a class=\"e-gallery-item elementor-gallery-item elementor-animated-content\" href=\"https:\/\/swissblackangus.ch\/wp-content\/uploads\/2024\/06\/altes-foto_04.webp\" data-elementor-open-lightbox=\"yes\" data-elementor-lightbox-slideshow=\"d5be92e\" data-elementor-lightbox-title=\"altes-foto_04\" data-e-action-hash=\"#elementor-action%3Aaction%3Dlightbox%26settings%3DeyJpZCI6MTQ0NjksInVybCI6Imh0dHBzOlwvXC9zd2lzc2JsYWNrYW5ndXMuY2hcL3dwLWNvbnRlbnRcL3VwbG9hZHNcLzIwMjRcLzA2XC9hbHRlcy1mb3RvXzA0LndlYnAiLCJzbGlkZXNob3ciOiJkNWJlOTJlIn0%3D\">\n\t\t\t\t\t<div class=\"e-gallery-image elementor-gallery-item__image\" data-thumbnail=\"https:\/\/swissblackangus.ch\/wp-content\/uploads\/2024\/06\/altes-foto_04.webp\" data-width=\"1500\" data-height=\"1200\" aria-label=\"immagine storica - Il Black Angus viene condotto attraverso il villaggio\" role=\"img\" ><\/div>\n\t\t\t\t\t\t\t\t\t\t\t<div class=\"elementor-gallery-item__overlay\"><\/div>\n\t\t\t\t\t\t\t\t\t\t\t\t\t\t<\/a>\n\t\t\t\t\t\t\t<a class=\"e-gallery-item elementor-gallery-item elementor-animated-content\" href=\"https:\/\/swissblackangus.ch\/wp-content\/uploads\/2024\/03\/altes-foto_05.jpg.webp\" data-elementor-open-lightbox=\"yes\" data-elementor-lightbox-slideshow=\"d5be92e\" data-elementor-lightbox-title=\"altes-foto_05.jpg\" data-e-action-hash=\"#elementor-action%3Aaction%3Dlightbox%26settings%3DeyJpZCI6MTMxNjgsInVybCI6Imh0dHBzOlwvXC9zd2lzc2JsYWNrYW5ndXMuY2hcL3dwLWNvbnRlbnRcL3VwbG9hZHNcLzIwMjRcLzAzXC9hbHRlcy1mb3RvXzA1LmpwZy53ZWJwIiwic2xpZGVzaG93IjoiZDViZTkyZSJ9\">\n\t\t\t\t\t<div class=\"e-gallery-image elementor-gallery-item__image\" data-thumbnail=\"https:\/\/swissblackangus.ch\/wp-content\/uploads\/2024\/03\/altes-foto_05.jpg.webp\" data-width=\"1500\" data-height=\"1200\" aria-label=\"Foto d&#039;archivio Black Angus\" role=\"img\" ><\/div>\n\t\t\t\t\t\t\t\t\t\t\t<div class=\"elementor-gallery-item__overlay\"><\/div>\n\t\t\t\t\t\t\t\t\t\t\t\t\t\t<\/a>\n\t\t\t\t\t\t\t<a class=\"e-gallery-item elementor-gallery-item elementor-animated-content\" href=\"https:\/\/swissblackangus.ch\/wp-content\/uploads\/2024\/06\/altes-foto_06.webp\" data-elementor-open-lightbox=\"yes\" data-elementor-lightbox-slideshow=\"d5be92e\" data-elementor-lightbox-title=\"altes-foto_06\" data-e-action-hash=\"#elementor-action%3Aaction%3Dlightbox%26settings%3DeyJpZCI6MTQ0NzAsInVybCI6Imh0dHBzOlwvXC9zd2lzc2JsYWNrYW5ndXMuY2hcL3dwLWNvbnRlbnRcL3VwbG9hZHNcLzIwMjRcLzA2XC9hbHRlcy1mb3RvXzA2LndlYnAiLCJzbGlkZXNob3ciOiJkNWJlOTJlIn0%3D\">\n\t\t\t\t\t<div class=\"e-gallery-image elementor-gallery-item__image\" data-thumbnail=\"https:\/\/swissblackangus.ch\/wp-content\/uploads\/2024\/06\/altes-foto_06.webp\" data-width=\"1030\" data-height=\"824\" aria-label=\"quadro storico\" role=\"img\" ><\/div>\n\t\t\t\t\t\t\t\t\t\t\t<div class=\"elementor-gallery-item__overlay\"><\/div>\n\t\t\t\t\t\t\t\t\t\t\t\t\t\t<\/a>\n\t\t\t\t\t\t\t<a class=\"e-gallery-item elementor-gallery-item elementor-animated-content\" href=\"https:\/\/swissblackangus.ch\/wp-content\/uploads\/2024\/06\/altes-foto_07.webp\" data-elementor-open-lightbox=\"yes\" data-elementor-lightbox-slideshow=\"d5be92e\" data-elementor-lightbox-title=\"altes-foto_07\" data-e-action-hash=\"#elementor-action%3Aaction%3Dlightbox%26settings%3DeyJpZCI6MTQ0NzEsInVybCI6Imh0dHBzOlwvXC9zd2lzc2JsYWNrYW5ndXMuY2hcL3dwLWNvbnRlbnRcL3VwbG9hZHNcLzIwMjRcLzA2XC9hbHRlcy1mb3RvXzA3LndlYnAiLCJzbGlkZXNob3ciOiJkNWJlOTJlIn0%3D\">\n\t\t\t\t\t<div class=\"e-gallery-image elementor-gallery-item__image\" data-thumbnail=\"https:\/\/swissblackangus.ch\/wp-content\/uploads\/2024\/06\/altes-foto_07.webp\" data-width=\"1030\" data-height=\"815\" aria-label=\"immagine storica - presentazione a una fiera del bestiame\" role=\"img\" ><\/div>\n\t\t\t\t\t\t\t\t\t\t\t<div class=\"elementor-gallery-item__overlay\"><\/div>\n\t\t\t\t\t\t\t\t\t\t\t\t\t\t<\/a>\n\t\t\t\t\t\t\t<a class=\"e-gallery-item elementor-gallery-item elementor-animated-content\" href=\"https:\/\/swissblackangus.ch\/wp-content\/uploads\/2024\/03\/altes-foto_08-1500x1200.jpg.webp\" data-elementor-open-lightbox=\"yes\" data-elementor-lightbox-slideshow=\"d5be92e\" data-elementor-lightbox-title=\"altes-foto_08-1500x1200.jpg\" data-e-action-hash=\"#elementor-action%3Aaction%3Dlightbox%26settings%3DeyJpZCI6MTMxNzEsInVybCI6Imh0dHBzOlwvXC9zd2lzc2JsYWNrYW5ndXMuY2hcL3dwLWNvbnRlbnRcL3VwbG9hZHNcLzIwMjRcLzAzXC9hbHRlcy1mb3RvXzA4LTE1MDB4MTIwMC5qcGcud2VicCIsInNsaWRlc2hvdyI6ImQ1YmU5MmUifQ%3D%3D\">\n\t\t\t\t\t<div class=\"e-gallery-image elementor-gallery-item__image\" data-thumbnail=\"https:\/\/swissblackangus.ch\/wp-content\/uploads\/2024\/03\/altes-foto_08-1500x1200.jpg.webp\" data-width=\"1500\" data-height=\"1200\" aria-label=\"Foto d&#039;archivio Black Angus\" role=\"img\" ><\/div>\n\t\t\t\t\t\t\t\t\t\t\t<div class=\"elementor-gallery-item__overlay\"><\/div>\n\t\t\t\t\t\t\t\t\t\t\t\t\t\t<\/a>\n\t\t\t\t\t\t\t<a class=\"e-gallery-item elementor-gallery-item elementor-animated-content\" href=\"https:\/\/swissblackangus.ch\/wp-content\/uploads\/2024\/03\/altes-foto_09-1500x1200.jpg.webp\" data-elementor-open-lightbox=\"yes\" data-elementor-lightbox-slideshow=\"d5be92e\" data-elementor-lightbox-title=\"altes-foto_09-1500x1200.jpg\" data-e-action-hash=\"#elementor-action%3Aaction%3Dlightbox%26settings%3DeyJpZCI6MTMxNzIsInVybCI6Imh0dHBzOlwvXC9zd2lzc2JsYWNrYW5ndXMuY2hcL3dwLWNvbnRlbnRcL3VwbG9hZHNcLzIwMjRcLzAzXC9hbHRlcy1mb3RvXzA5LTE1MDB4MTIwMC5qcGcud2VicCIsInNsaWRlc2hvdyI6ImQ1YmU5MmUifQ%3D%3D\">\n\t\t\t\t\t<div class=\"e-gallery-image elementor-gallery-item__image\" data-thumbnail=\"https:\/\/swissblackangus.ch\/wp-content\/uploads\/2024\/03\/altes-foto_09-1500x1200.jpg.webp\" data-width=\"1500\" data-height=\"1200\" aria-label=\"Foto d&#039;archivio Black Angus\" role=\"img\" ><\/div>\n\t\t\t\t\t\t\t\t\t\t\t<div class=\"elementor-gallery-item__overlay\"><\/div>\n\t\t\t\t\t\t\t\t\t\t\t\t\t\t<\/a>\n\t\t\t\t\t<\/div>\n\t\t\t\t\t<\/div>\n\t\t\t\t<\/div>\n\t\t\t\t\t<\/div>\n\t\t\t\t<\/div>\n\t\t<div class=\"elementor-element elementor-element-49dd6092 e-flex e-con-boxed e-con e-parent\" data-id=\"49dd6092\" data-element_type=\"container\" data-e-type=\"container\" data-settings=\"{&quot;background_background&quot;:&quot;classic&quot;}\">\n\t\t\t\t\t<div class=\"e-con-inner\">\n\t\t<div class=\"elementor-element elementor-element-5ff0597c e-con-full animated-slow e-flex elementor-invisible e-con e-child\" data-id=\"5ff0597c\" data-element_type=\"container\" data-e-type=\"container\" data-settings=\"{&quot;animation&quot;:&quot;fadeIn&quot;,&quot;animation_delay&quot;:0.5}\">\n\t\t\t\t<div class=\"elementor-element elementor-element-323fb83e elementor-widget elementor-widget-image\" data-id=\"323fb83e\" data-element_type=\"widget\" data-e-type=\"widget\" data-widget_type=\"image.default\">\n\t\t\t\t<div class=\"elementor-widget-container\">\n\t\t\t\t\t\t\t\t\t\t\t\t\t\t\t<img loading=\"lazy\" decoding=\"async\" width=\"364\" height=\"364\" src=\"https:\/\/swissblackangus.ch\/wp-content\/uploads\/2024\/03\/12-1.png\" class=\"attachment-large size-large wp-image-12308\" alt=\"Testa di mucca\" srcset=\"https:\/\/swissblackangus.ch\/wp-content\/uploads\/2024\/03\/12-1.png 364w, https:\/\/swissblackangus.ch\/wp-content\/uploads\/2024\/03\/12-1-300x300.png 300w, https:\/\/swissblackangus.ch\/wp-content\/uploads\/2024\/03\/12-1-150x150.png 150w\" sizes=\"(max-width: 364px) 100vw, 364px\" \/>\t\t\t\t\t\t\t\t\t\t\t\t\t\t\t<\/div>\n\t\t\t\t<\/div>\n\t\t\t\t<div data-dce-title-color=\"#FFFFFF\" class=\"elementor-element elementor-element-6c3b91d1 elementor-widget elementor-widget-heading\" data-id=\"6c3b91d1\" data-element_type=\"widget\" data-e-type=\"widget\" data-widget_type=\"heading.default\">\n\t\t\t\t<div class=\"elementor-widget-container\">\n\t\t\t\t\t<h2 class=\"elementor-heading-title elementor-size-default translation-block\">Qualit\u00e0 svizzera di classe mondiale<\/h2>\t\t\t\t<\/div>\n\t\t\t\t<\/div>\n\t\t\t\t<div class=\"elementor-element elementor-element-2a431538 elementor-widget-divider--view-line elementor-widget elementor-widget-global elementor-global-12215 elementor-widget-divider\" data-id=\"2a431538\" data-element_type=\"widget\" data-e-type=\"widget\" data-widget_type=\"divider.default\">\n\t\t\t\t<div class=\"elementor-widget-container\">\n\t\t\t\t\t\t\t<div class=\"elementor-divider\">\n\t\t\t<span class=\"elementor-divider-separator\">\n\t\t\t\t\t\t<\/span>\n\t\t<\/div>\n\t\t\t\t\t\t<\/div>\n\t\t\t\t<\/div>\n\t\t\t\t<div class=\"elementor-element elementor-element-1bcd4d4a justify elementor-widget elementor-widget-text-editor\" data-id=\"1bcd4d4a\" data-element_type=\"widget\" data-e-type=\"widget\" data-widget_type=\"text-editor.default\">\n\t\t\t\t<div class=\"elementor-widget-container\">\n\t\t\t\t\t\t\t\t\tAnche i nostri pionieri dell\u2019allevamento di vacche nutrici si appoggiano alla razza Black Angus. Sono gi\u00e0 15\u2019000 gli esemplari di vacche Angus che oggi occupano i pascoli svizzeri. Quelli tra questi che sono allevati nel rispetto dei severi standard di qualit\u00e0 IP-SUISSE, rappresentano un esempio di sostenibilit\u00e0, correttezza e qualit\u00e0.\t\t\t\t\t\t\t\t<\/div>\n\t\t\t\t<\/div>\n\t\t\t\t<\/div>\n\t\t\t\t\t<\/div>\n\t\t\t\t<\/div>\n\t\t<div class=\"elementor-element elementor-element-7e5ab354 e-con-full e-flex e-con e-parent\" data-id=\"7e5ab354\" data-element_type=\"container\" data-e-type=\"container\" data-settings=\"{&quot;background_background&quot;:&quot;classic&quot;}\">\n\t\t\t\t<div class=\"elementor-element elementor-element-5ad65b4d elementor-widget elementor-widget-image\" data-id=\"5ad65b4d\" data-element_type=\"widget\" data-e-type=\"widget\" data-widget_type=\"image.default\">\n\t\t\t\t<div class=\"elementor-widget-container\">\n\t\t\t\t\t\t\t\t\t\t\t\t\t\t\t<img loading=\"lazy\" decoding=\"async\" width=\"800\" height=\"633\" src=\"https:\/\/swissblackangus.ch\/wp-content\/uploads\/2024\/06\/altes-foto_07-1024x810.webp\" class=\"attachment-large size-large wp-image-14471\" alt=\"immagine storica - presentazione a una fiera del bestiame\" srcset=\"https:\/\/swissblackangus.ch\/wp-content\/uploads\/2024\/06\/altes-foto_07-1024x810.webp 1024w, https:\/\/swissblackangus.ch\/wp-content\/uploads\/2024\/06\/altes-foto_07-300x237.webp 300w, https:\/\/swissblackangus.ch\/wp-content\/uploads\/2024\/06\/altes-foto_07-768x608.webp 768w, https:\/\/swissblackangus.ch\/wp-content\/uploads\/2024\/06\/altes-foto_07-15x12.webp 15w, https:\/\/swissblackangus.ch\/wp-content\/uploads\/2024\/06\/altes-foto_07.webp 1030w\" sizes=\"(max-width: 800px) 100vw, 800px\" \/>\t\t\t\t\t\t\t\t\t\t\t\t\t\t\t<\/div>\n\t\t\t\t<\/div>\n\t\t\t\t<\/div>\n\t\t\t\t<\/div>","protected":false},"excerpt":{"rendered":"<p>BLACK ANGUS: DIE GESCHICHTE EINER LEGEND\u00c4REN RASSE Black Angus \u2013 alter Adel regiert Vor \u00fcber 200 Jahren traten die Black Angus Rinder aus den Nebeln Schottlands hervor: die Aberdeen Angus. Stolze Rinder mit schwarz schimmerndem Fell, von Natur aus hornlos, aber schon bald die unangefochtenen Champions. Angus-Rinder waren von kr\u00e4ftigem Wuchs, \u00e4usserst widerstandsf\u00e4hig, und ihr [&hellip;]<\/p>\n","protected":false},"author":1,"featured_media":13131,"parent":0,"menu_order":5,"comment_status":"closed","ping_status":"closed","template":"","meta":{"_acf_changed":false,"footnotes":"","_links_to":"","_links_to_target":""},"class_list":["post-13130","page","type-page","status-publish","has-post-thumbnail","hentry"],"acf":[],"_links":{"self":[{"href":"https:\/\/swissblackangus.ch\/it\/wp-json\/wp\/v2\/pages\/13130","targetHints":{"allow":["GET"]}}],"collection":[{"href":"https:\/\/swissblackangus.ch\/it\/wp-json\/wp\/v2\/pages"}],"about":[{"href":"https:\/\/swissblackangus.ch\/it\/wp-json\/wp\/v2\/types\/page"}],"author":[{"embeddable":true,"href":"https:\/\/swissblackangus.ch\/it\/wp-json\/wp\/v2\/users\/1"}],"replies":[{"embeddable":true,"href":"https:\/\/swissblackangus.ch\/it\/wp-json\/wp\/v2\/comments?post=13130"}],"version-history":[{"count":142,"href":"https:\/\/swissblackangus.ch\/it\/wp-json\/wp\/v2\/pages\/13130\/revisions"}],"predecessor-version":[{"id":15700,"href":"https:\/\/swissblackangus.ch\/it\/wp-json\/wp\/v2\/pages\/13130\/revisions\/15700"}],"wp:featuredmedia":[{"embeddable":true,"href":"https:\/\/swissblackangus.ch\/it\/wp-json\/wp\/v2\/media\/13131"}],"wp:attachment":[{"href":"https:\/\/swissblackangus.ch\/it\/wp-json\/wp\/v2\/media?parent=13130"}],"curies":[{"name":"wp","href":"https:\/\/api.w.org\/{rel}","templated":true}]}}